{"id":1780,"date":"2019-01-25T21:13:40","date_gmt":"2019-01-25T21:13:40","guid":{"rendered":"https:\/\/www.accademiacostumeemoda.it\/talents2019\/?page_id=1780"},"modified":"2019-02-02T16:15:51","modified_gmt":"2019-02-02T16:15:51","slug":"press-release","status":"publish","type":"page","link":"https:\/\/www.accademiacostumeemoda.it\/talents2019\/press-release\/","title":{"rendered":"Press Release"},"content":{"rendered":"[vc_row full_height=&#8221;true&#8221; css=&#8221;.vc_custom_1548451045907{margin-top: 3% !important;margin-bottom: 3% !important;}&#8221;][vc_column][vc_tabs][vc_tab title=&#8221;ITALIANO&#8221; tab_id=&#8221;677b5eaf-671b-1&#8243;][vc_column_text]\n<h2 style=\"text-align: justify;\">TALENTS 2019 FASHION SHOW<\/h2>\n<p><strong>#acmtalents2019 <\/strong>#accademiacostumeemoda<\/p>\n<p><strong>ALTAROMA &#8211; PRATIBUS DISTRICT &#8211; Viale Angelico 52 Roma<\/strong><\/p>\n<p><strong>26.01.2019 ore 12.30<\/strong><\/p>\n<p><strong>Con il Patrocinio di Altaroma e Camera Nazionale della Moda Italiana<\/strong><\/p>\n<p>&nbsp;<\/p>\n<p style=\"text-align: justify;\">L\u2019Accademia Costume &amp; Moda \u00e8 lieta di presentare l\u2019edizione del <strong>Talents 2019, un progetto <\/strong>che rappresenta la sintesi del percorso formativo triennale, che <strong>mira a far emergere il livello di professionalit\u00e0 raggiunto da ciascuno degli studenti coinvolti<\/strong>.<\/p>\n<p style=\"text-align: justify;\">Questa edizione vede la <strong>partecipazione straordinaria di 22 studenti <\/strong>(16 per l\u2019abbigliamento, 12 womenswear, 2 menswear, e 6 per gli accessori) che <strong>hanno avuto l\u2019opportunit\u00e0 di collaborare con 41 aziende del Made in Italy<\/strong>per la realizzazione di 22 capsule collection (6 outfit ciascuna) che sfileranno in calendario ad Altaroma, sabato 26 gennaio al Pratibus District.<\/p>\n<p style=\"text-align: justify;\">Una <strong>collaborazione eccezionale<\/strong>&#8211; quella tra aziende e studenti &#8211; che rappresenta un unicum nel panorama formativo globale e che vuole <strong>instaurare vere e proprie partnership con le eccellenze della manifattura italiana <\/strong>(aziende tessili, lanifici, setifici, ricamifici, guanterie, aziende pellettiere, concerie e calzaturifici). Ad essere presentate saranno collezioni molto identitarie, idee e racconti, capi che partono da una attenta ricerca, <strong>culturale ed individuale, da una sperimentazione nei tessuti e nella materia, oltre che nel design e da una acquisita competenza tecnica e progettuale dei giovani designer<\/strong>, coadiuvati da Santo Costanzo per l\u2019abbigliamento e Luigi Mulas Debois per gli accessori, <strong>unitamente al know-how artigianale e ai raffinati processi industriali delle aziende coinvolte<\/strong>.<\/p>\n<p style=\"text-align: justify;\"><strong>I talents 2019 sono<\/strong>: Agnese Balsamini, Antonino Barraco, Annamaria Biasiol, Diletta Caracci, Francesco Castaldo, Tania Cellini, Eleonora Di Girolamo, Federica Dominici, Chiara Donati, Eleonora Falchi, Bendetta Giunti, Giuseppe Maldera, Sara Pacioni, Karen Papace, Alice Paris, Olimpia Pediconi, Luca Rao, Alessia Romenazzi, Sofia Scarponi, Sara Scascitelli, Alessia Scasseddu, Livia Viola.<\/p>\n<p style=\"text-align: justify;\">A giudicare il loro lavoro, <strong>una prestigiosa giuria di addetti ai lavori che valuteranno le collezioni<\/strong>in termini di ispirazione, tecnica e styling. L\u2019Accademia Costume &amp; Moda vuole, infatti, dare il massimo della visibilit\u00e0 al loro estro creativo, alla loro personalit\u00e0 e alle abilit\u00e0 stilistiche, oltre che recepire feedback e confermare undialogo con le aziende cosi da essere contemporanei nella richiesta da parte del mercato e dell\u2019industria.<\/p>\n<p style=\"text-align: justify;\">La giuria \u00e8 composta da: <strong>Giampiero Arcese<\/strong><em>Creative Director, <\/em>\u00a0<strong>Sabrina Scarpellini<\/strong>con \u00a0<strong>Massimo Bonini,<\/strong><em>Bonini Showroom<\/em>, <strong>Manuela Brini\u00a0 <\/strong>LVMH Creative Talents Manager,<strong>\u00a0\u00a0Aldo Maria Camillo <\/strong><em>Creative Director<\/em>, <strong>Livia Carimini<\/strong>\u00a0 <em>Assistant Haute Couture Valentino<\/em>, <strong>Andrea Ciaraldi\u00a0 <\/strong><em>Senior Vice President, Creative Director Women&#8217;s Collection Ralph\u00a0 Lauren<\/em>, <strong>Albino D\u2019Amato <\/strong><em>Owner andCreative Director A.Teodoro, <\/em><strong>Deanna Ferretti Veroni\u00a0 <\/strong><em>Modateca Deanna<\/em>, <strong>Simonetta Gianfelici<\/strong>\u00a0 <em>Fashion Consultant &amp; Talent Scout<\/em>, <strong>Cristina Gnugnoli\u00a0 <\/strong><em>Senior Vice President and Creative &amp; Corporate Relations Moncler<\/em>, <strong>Riccardo Grassi <\/strong><em>Showroom Riccardo Grassi<\/em>, <strong>Andrea Incontri\u00a0 <\/strong><em>Men&#8217;s Creative Director Tod\u2019s<\/em>, <strong>Laura Lasuardi\u00a0 <\/strong><em>Fashion Coordinator Max Mara<\/em>, <strong>Sara Maino<\/strong><em>Vice Direttore Vogue Italia e Head of Vogue Talents<\/em>, <strong>Raffaello Napoleone<\/strong>Ceo Pitti Immagine,<strong>Leah Perez <\/strong>\u00a0<em>Head of Fashion\u00a0 Shenkar , Israele<\/em>\u00a0, <strong>Fabio Piras<\/strong>, <em>Course Director, Central Saint Martins<\/em>, <strong>Elinor Renfrew<\/strong>, <em>Head of Fashion, Kingston University, UK\u00a0<\/em><strong><em>,<\/em><\/strong><strong>Francesco Scognamiglio<\/strong><em>Creative Director Francesco Scognamiglio<\/em>,<strong>Silvia Venturini Fendi\u00a0 <\/strong><em>Presidente Altaroma.<\/em><\/p>\n<p style=\"text-align: justify;\"><strong> Lupo Lanzara (Vice Presidente Accademia)<\/strong>:<em>\u201cLa relazione con le aziende del made in Italy, le maison e le produzio<\/em><em>ni per lo spettacolo continua a<\/em><em>evolvere. Rispetto al 2017 abbiamo raddoppiato il numero delle aziende coinvolte nel finalwork e possiamo dire con orgoglio che l\u2019Accademia, solo per il Talents 2017, vanta un <\/em><em>tasso di occupazione del 93%. A <\/em><em>oggi sono pi\u00f9 di 80 le aziende che collaborano in maniera attiva all\u2019<\/em><em>\u201dexperience\u201d didattica dei ragazzi, trasversalmente su tutta l\u2019offerta accademica. <\/em><\/p>\n<p style=\"text-align: justify;\"><em>Se stiamo crescendo in qualit\u00e0 \u00e8 grazie ad uno sforzo di gruppo da parte di tutti gli attori coinvolti e anche grazie alla generosit\u00e0 di questi capitani d\u2019azienda\u201d. <\/em><\/p>\n<p style=\"text-align: justify;\">Una strada virtuosa volta auna professionalizzazione \u201ccontemporanea\u201d della formazione, che valorizza le individualit\u00e0 degli studenti, inserendoli nel mondo del lavoro, massimizzando l\u2019esperienza culturale e favorendo l\u2019incontro tra costume e moda, ricerca e design, comunicazione e prodotto.<\/p>\n<p style=\"text-align: justify;\">Anche quest\u2019anno <strong>Pitti Immagine<\/strong>&#8211; attraverso la divisione Pitti Tutorship che si occupa del supporto e della valorizzazione dei fashion designer &#8211; <strong>seleziona uno tra i 22 Talents 2019, a cui conferir\u00e0 il \u201cPitti Tutorship Reward\u201d<\/strong>. Istituito nel 2017, il riconoscimento d\u00e0 al giovane designer <strong>la possibilit\u00e0 di effettuare tre incontri formativi <\/strong>con<strong>Luca Rizzi<\/strong>, il direttore del progetto.<\/p>\n<p style=\"text-align: justify;\">Un ringraziamento particolare va a Marco Mastroianni, ex allievo, responsabile ricerca materiali e lavorazioni per alcune delle pi\u00f9 prestigiose maison al mondo che ha supportato i ragazzi nella scelta dei tessuti insieme all\u2019infinita generosit\u00e0 e il grande supporto da parte delle Aziende del Sistema Moda Italia che hanno fornito i materiali:<\/p>\n<p style=\"text-align: justify;\"><em>Abip, Aemme Pavimenti in Resina, Aip, Alesilk, Andrea Bilics, Apparecchiature di Cernobbio, Berto, Conceria Gaiera, Crisden, De Cristofaro, Della Pia Group, Dyloan Bond Factory, Filati Be.Mi.Va, Forza Giovane, Framis, Gentili Mosconi, Giardini, Girani Tessuti, Graziano Ricami, Gruppo Dondi, Jacob Schlaepfer, Jackytex, Isa Seta, Lanificio Bigagli, Lanificio di Sordevolo, Limonta Manifattura 1887, Manifattura 1887, Marfur, Marzotto, Merola Gloves, Mexas Footwear, Mib, Ostinelli Seta, Ratti, Ricami Laura, Rilievi, Russo di Casandrino, Spazio Chirale, Tessibiella, Tintoria Finissaggio 2000, Vasino. <\/em><\/p>\n<p style=\"text-align: justify;\"><strong>Regia Sfilata:<\/strong>From Studio<br \/>\n<strong>Sound Designer:<\/strong>Emanuele Vesci<br \/>\n<strong>Hairstyle:<\/strong>Sergio Valente con il Team Premio Sergio Valente<br \/>\n<strong>Make Up:<\/strong>Passion4Fashion<\/p>\n[\/vc_column_text][\/vc_tab][vc_tab title=&#8221;ENGLISH&#8221; tab_id=&#8221;b71b7510-ea9f-3&#8243;][vc_column_text]\n<h2 style=\"text-align: justify;\">TALENTS 2019 FASHION SHOW<\/h2>\n<p><strong>#acmtalents2019 <\/strong>#accademiacostumeemoda<\/p>\n<p><strong>ALTAROMA &#8211; PRATIBUS DISTRICT &#8211; Viale Angelico 52 Roma<\/strong><\/p>\n<p><strong>26.01.2019 at 12.30<\/strong><\/p>\n<p><strong>Under the patronage of Altaroma and Camera Nazionale della Moda Italiana<\/strong><\/p>\n<p>&nbsp;<\/p>\n<p><em>Rome, 26 January 2019.<\/em> Accademia Costume &amp; Moda is pleased to present the <strong>2019 Talents<\/strong> edition, <strong>a project <\/strong>that represents the culmination of a three-year educational path, whose <strong>aim is to uncover the level of professionalism achieved by each of the students involved.<\/strong><\/p>\n<p>This edition <strong>involves 22 students <\/strong>who <strong>had the opportunity to collaborate with 41 companies<\/strong> that represent the excellence of the \u201cMade in Italy\u201d manufacturing Industry, for the development of their projects. 22 capsule collections (6 outfits each, 12 womenswear, 2 menswear, and 8 accessories) that will be showcased during Altaroma, on Saturday the 26<sup>th<\/sup> of January at Pratibus District.<\/p>\n<p>A <strong>unique experience<\/strong> within the global fashion education landscape. Real partnerships with the excellence of Italian manufacturing (textile companies, woollen mills, silk factories, embroidery factories, gloves factories, leather goods companies, tanneries and shoe factories) who generously contributed to the realization of the experimentation of the 22 young designers. The collections have strong identities that represent the individual research and idea, story-telling of each designer, with much experimentation in fabrics and materials, as well as in design. Competences and expertise acquired during the 3-year programme under the careful guide of <strong>Santo Costanzo<\/strong>, Fashion Department Coordinator and <strong>Luigi Mulas Debois<\/strong>, Accessories Department Coordinator, along with the artisan know-how and refined industrial processes of the companies involved.<\/p>\n<p>The 2019 talents are: Agnese Balsamini, Antonino Barraco, Annamaria Biasiol, Diletta Caracci, Francesco Castaldo, Tania Cellini, Eleonora Di Girolamo, Federica Dominici, Chiara Donati, Eleonora Falchi, Bendetta Giunti, Giuseppe Maldera, Sara Pacioni, Karen Papace, Alice Paris, Olimpia Pediconi, Luca Rao, Alessia Romenazzi, Sofia Scarponi, Sara Scascitelli, Alessia Scasseddu, Livia Viola.<\/p>\n<p><strong>A prestigious jury of professionals from the Fashion System<\/strong> will judge their work, <strong>evaluating the collections<\/strong> in terms of inspiration, technique and styling. Accademia Costume &amp; Moda wants to give maximum visibility to their creative flair, their personality and stylistic skills, as well as receiving feedback, confirming the continuous dialogue between the Academy and industry so to maintain contemporaneity in meeting its requests.<\/p>\n<p>The jury is formed by: <strong>Giampiero Arcese,<\/strong> <em>Creative Director; <\/em><strong>Sabrina Scarpellini<\/strong> &amp; <strong>Massimo Bonini,<\/strong> <em>Bonini Showroom<\/em>; <strong>Manuela Brini<\/strong>, LVMH Creative Talents Manager;<strong> Aldo Maria Camillo, <\/strong><em>Creative Director<\/em>; <strong>Livia Carimini<\/strong>, <em>Assistant Haute Couture Valentino<\/em>, <strong>Andrea Ciaraldi, <\/strong><em>Senior Vice President Creative Director Women&#8217;s Collection Ralph Lauren<\/em>; <strong>Albino D\u2019Amato, <\/strong><em>Owner and Creative Director A.Teodoro; <\/em><strong>Deanna Ferretti Veroni, <\/strong><em>Modateca Deanna<\/em>; <strong>Simonetta Gianfelici<\/strong>, <em>Fashion Consultant &amp; Talent Scout<\/em>; <strong>Cristina Gnugnoli, <\/strong><em>Senior Vice President and Creative &amp; Corporate Relations Moncler<\/em>; <strong>Riccardo Grassi, <\/strong><em>Showroom Riccardo Grassi<\/em>; <strong>Andrea Incontri , <\/strong><em>Men&#8217;s Creative Director Tod\u2019s<\/em>; <strong>Laura Lusuardi, <\/strong><em>Fashion Coordinator Max Mara<\/em>; <strong>Sara Maino,<\/strong> <em>Deputy Director Vogue Italia &amp; Head of Vogue Talents;<\/em> <strong>Raffaello Napoleone<\/strong>, CEO Pitti Immagine; <strong>Leah Perez<\/strong>, <em>Head of Fashion Shenkar University (Israel);<\/em> <strong>Fabio Piras<\/strong>, <em>Course Director Central Saint Martins<\/em> (UK); <strong>Elinor Renfrew<\/strong>, <em>Head of Fashion Kingston University (UK)<strong>, <\/strong><\/em><strong>Francesco Scognamiglio<\/strong>, <em>Creative Director Francesco Scognamiglio<\/em>; <strong>Silvia Venturini Fendi<\/strong>, <em>President Altaroma.<\/em><\/p>\n<p>&nbsp;<\/p>\n<p><strong> Lupo Lanzara, <\/strong><em>Deputy Chairman Accademia Costume &amp; Moda<\/em>: &#8220;I am happy and grateful as the relationship with the Made in Italy manufacturing companies and international fashion houses is continuing to evolve. Compared to 2017, the number of companies involved in the final work has doubled and we can proudly say that Accademia Costume &amp; Moda has a placement ratio of 93% for our Talents Project. At present, more than 80 companies actively collaborate in the educational &#8220;experience&#8221; of our students, across the entire academic offer. The Academy is also growing in terms of International positioning and this is only thanks to all the stakeholders involved and for their generosity\u201d.<\/p>\n<p>A virtuous path, that is aimed to the professionalization of the educational approach, by enhancing the students&#8217; personal and design skills, maximizing the cultural platform and experience, promoting the relation between costume and fashion, research and design, craftsmanship and industry, communication and product.<\/p>\n<p>Again for this year, <strong>Pitti Immagine<\/strong> &#8211; through the Pitti Tutorship division Program that supports and promotes talent, will<strong> select one of the 22 young designers, conferring them the &#8220;Pitti Tutorship Reward&#8221;. <\/strong>Established in 2017, the award gives the young designer <strong>the opportunity to be supported and guided by Luca Rizzi<\/strong>, Project Director of the Program, through a 3-step process.<\/p>\n<p>Special thanks go to <strong>Marco Mastroianni<\/strong>, alumnus of the Accademia, today responsible for Fabric and Material Research for some of the most prestigious fashion houses in the world, who supported the students from day 1 in the selection of fabrics and materials. Infinite gratitude also to the Companies of the Italian Manufacturing Industry that developed our students ideas:<\/p>\n<p><em>Abip, Aemme Pavimenti in Resina, Aip, Alesilk, Andrea Bilics, Apparecchiature di Cernobbio, Berto, Conceria Gaiera, Crisden, De Cristofaro, Della Pia Group, Dyloan Bond Factory, Filati Be.Mi.Va, Forza Giovane, Framis, Gentili Mosconi, Giardini, Girani Tessuti, Graziano Ricami, Gruppo Dondi, Jacob Schlaepfer, Jackytex, Isa Seta, Lanificio Bigagli, Lanificio di Sordevolo, Limonta Manifattura 1887, Manifattura 1887, Marfur, Marzotto, Merola Gloves, Mexas Footwear, Mib, Ostinelli Seta, Ratti, Ricami Laura, Rilievi, Russo di Casandrino, Spazio Chirale, Tessibiella, Tintoria Finissaggio 2000, Vasino. <\/em><\/p>\n<p>&nbsp;<\/p>\n<p><strong>Show direction:<\/strong> From Studio<br \/>\n<strong>Sound Designer:<\/strong> Emanuele Vesci<br \/>\n<strong>Hairstyle:<\/strong> Sergio Valente &#8211; Team Premio Sergio Valente<br \/>\n<strong>Make Up:<\/strong> Passion4Fashion[\/vc_column_text][\/vc_tab][\/vc_tabs][\/vc_column][\/vc_row]\n","protected":false},"excerpt":{"rendered":"<p>[vc_row full_height=&#8221;true&#8221; css=&#8221;.vc_custom_1548451045907{margin-top: 3% !important;margin-bottom: 3% !important;}&#8221;][vc_column][vc_tabs][vc_tab title=&#8221;ITALIANO&#8221; tab_id=&#8221;677b5eaf-671b-1&#8243;][vc_column_text] TALENTS 2019 FASHION SHOW #acmtalents2019 #accademiacostumeemoda ALTAROMA &#8211; PRATIBUS DISTRICT &#8211; Viale Angelico 52 Roma 26.01.2019 ore 12.30 Con il Patrocinio di Altaroma e Camera Nazionale della Moda Italiana &nbsp; L\u2019Accademia Costume &amp; Moda \u00e8 lieta di presentare l\u2019edizione del Talents 2019, un progetto che rappresenta&hellip;<\/p>\n","protected":false},"author":1,"featured_media":0,"parent":0,"menu_order":0,"comment_status":"closed","ping_status":"closed","template":"","meta":{"_acf_changed":false,"footnotes":""},"class_list":["post-1780","page","type-page","status-publish","hentry"],"acf":[],"yoast_head":"<!-- This site is optimized with the Yoast SEO plugin v28.3 - https:\/\/yoast.com\/product\/yoast-seo-wordpress\/ -->\n<title>Press Release - Talents 2019<\/title>\n<meta name=\"robots\" content=\"index, follow, max-snippet:-1, max-image-preview:large, max-video-preview:-1\" \/>\n<link rel=\"canonical\" href=\"https:\/\/www.accademiacostumeemoda.it\/talents2019\/press-release\/\" \/>\n<meta property=\"og:locale\" content=\"it_IT\" \/>\n<meta property=\"og:type\" content=\"article\" \/>\n<meta property=\"og:title\" content=\"Press Release - Talents 2019\" \/>\n<meta property=\"og:description\" content=\"[vc_row full_height=&#8221;true&#8221; css=&#8221;.vc_custom_1548451045907{margin-top: 3% !important;margin-bottom: 3% !important;}&#8221;][vc_column][vc_tabs][vc_tab title=&#8221;ITALIANO&#8221; tab_id=&#8221;677b5eaf-671b-1&#8243;][vc_column_text] TALENTS 2019 FASHION SHOW #acmtalents2019 #accademiacostumeemoda ALTAROMA &#8211; PRATIBUS DISTRICT &#8211; Viale Angelico 52 Roma 26.01.2019 ore 12.30 Con il Patrocinio di Altaroma e Camera Nazionale della Moda Italiana &nbsp; L\u2019Accademia Costume &amp; Moda \u00e8 lieta di presentare l\u2019edizione del Talents 2019, un progetto che rappresenta&hellip;\" \/>\n<meta property=\"og:url\" content=\"https:\/\/www.accademiacostumeemoda.it\/talents2019\/press-release\/\" \/>\n<meta property=\"og:site_name\" content=\"Talents 2019\" \/>\n<meta property=\"article:modified_time\" content=\"2019-02-02T16:15:51+00:00\" \/>\n<meta property=\"og:image\" content=\"https:\/\/www.accademiacostumeemoda.it\/talents2019\/wp-content\/uploads\/2019\/01\/format-facebook.png\" \/>\n\t<meta property=\"og:image:width\" content=\"1200\" \/>\n\t<meta property=\"og:image:height\" content=\"628\" \/>\n\t<meta property=\"og:image:type\" content=\"image\/png\" \/>\n<meta name=\"twitter:card\" content=\"summary_large_image\" \/>\n<meta name=\"twitter:label1\" content=\"Tempo di lettura stimato\" \/>\n\t<meta name=\"twitter:data1\" content=\"9 minuti\" \/>\n<script type=\"application\/ld+json\" class=\"yoast-schema-graph\">{\"@context\":\"https:\\\/\\\/schema.org\",\"@graph\":[{\"@type\":\"WebPage\",\"@id\":\"https:\\\/\\\/www.accademiacostumeemoda.it\\\/talents2019\\\/press-release\\\/\",\"url\":\"https:\\\/\\\/www.accademiacostumeemoda.it\\\/talents2019\\\/press-release\\\/\",\"name\":\"Press Release - Talents 2019\",\"isPartOf\":{\"@id\":\"https:\\\/\\\/www.accademiacostumeemoda.it\\\/talents2019\\\/#website\"},\"datePublished\":\"2019-01-25T21:13:40+00:00\",\"dateModified\":\"2019-02-02T16:15:51+00:00\",\"breadcrumb\":{\"@id\":\"https:\\\/\\\/www.accademiacostumeemoda.it\\\/talents2019\\\/press-release\\\/#breadcrumb\"},\"inLanguage\":\"it-IT\",\"potentialAction\":[{\"@type\":\"ReadAction\",\"target\":[\"https:\\\/\\\/www.accademiacostumeemoda.it\\\/talents2019\\\/press-release\\\/\"]}]},{\"@type\":\"BreadcrumbList\",\"@id\":\"https:\\\/\\\/www.accademiacostumeemoda.it\\\/talents2019\\\/press-release\\\/#breadcrumb\",\"itemListElement\":[{\"@type\":\"ListItem\",\"position\":1,\"name\":\"Home\",\"item\":\"https:\\\/\\\/www.accademiacostumeemoda.it\\\/talents2019\\\/\"},{\"@type\":\"ListItem\",\"position\":2,\"name\":\"Press Release\"}]},{\"@type\":\"WebSite\",\"@id\":\"https:\\\/\\\/www.accademiacostumeemoda.it\\\/talents2019\\\/#website\",\"url\":\"https:\\\/\\\/www.accademiacostumeemoda.it\\\/talents2019\\\/\",\"name\":\"Talents 2019\",\"description\":\"Accademia Costume &amp; Moda\",\"potentialAction\":[{\"@type\":\"SearchAction\",\"target\":{\"@type\":\"EntryPoint\",\"urlTemplate\":\"https:\\\/\\\/www.accademiacostumeemoda.it\\\/talents2019\\\/?s={search_term_string}\"},\"query-input\":{\"@type\":\"PropertyValueSpecification\",\"valueRequired\":true,\"valueName\":\"search_term_string\"}}],\"inLanguage\":\"it-IT\"}]}<\/script>\n<!-- \/ Yoast SEO plugin. -->","yoast_head_json":{"title":"Press Release - Talents 2019","robots":{"index":"index","follow":"follow","max-snippet":"max-snippet:-1","max-image-preview":"max-image-preview:large","max-video-preview":"max-video-preview:-1"},"canonical":"https:\/\/www.accademiacostumeemoda.it\/talents2019\/press-release\/","og_locale":"it_IT","og_type":"article","og_title":"Press Release - Talents 2019","og_description":"[vc_row full_height=&#8221;true&#8221; css=&#8221;.vc_custom_1548451045907{margin-top: 3% !important;margin-bottom: 3% !important;}&#8221;][vc_column][vc_tabs][vc_tab title=&#8221;ITALIANO&#8221; tab_id=&#8221;677b5eaf-671b-1&#8243;][vc_column_text] TALENTS 2019 FASHION SHOW #acmtalents2019 #accademiacostumeemoda ALTAROMA &#8211; PRATIBUS DISTRICT &#8211; Viale Angelico 52 Roma 26.01.2019 ore 12.30 Con il Patrocinio di Altaroma e Camera Nazionale della Moda Italiana &nbsp; L\u2019Accademia Costume &amp; Moda \u00e8 lieta di presentare l\u2019edizione del Talents 2019, un progetto che rappresenta&hellip;","og_url":"https:\/\/www.accademiacostumeemoda.it\/talents2019\/press-release\/","og_site_name":"Talents 2019","article_modified_time":"2019-02-02T16:15:51+00:00","og_image":[{"width":1200,"height":628,"url":"https:\/\/www.accademiacostumeemoda.it\/talents2019\/wp-content\/uploads\/2019\/01\/format-facebook.png","type":"image\/png"}],"twitter_card":"summary_large_image","twitter_misc":{"Tempo di lettura stimato":"9 minuti"},"schema":{"@context":"https:\/\/schema.org","@graph":[{"@type":"WebPage","@id":"https:\/\/www.accademiacostumeemoda.it\/talents2019\/press-release\/","url":"https:\/\/www.accademiacostumeemoda.it\/talents2019\/press-release\/","name":"Press Release - Talents 2019","isPartOf":{"@id":"https:\/\/www.accademiacostumeemoda.it\/talents2019\/#website"},"datePublished":"2019-01-25T21:13:40+00:00","dateModified":"2019-02-02T16:15:51+00:00","breadcrumb":{"@id":"https:\/\/www.accademiacostumeemoda.it\/talents2019\/press-release\/#breadcrumb"},"inLanguage":"it-IT","potentialAction":[{"@type":"ReadAction","target":["https:\/\/www.accademiacostumeemoda.it\/talents2019\/press-release\/"]}]},{"@type":"BreadcrumbList","@id":"https:\/\/www.accademiacostumeemoda.it\/talents2019\/press-release\/#breadcrumb","itemListElement":[{"@type":"ListItem","position":1,"name":"Home","item":"https:\/\/www.accademiacostumeemoda.it\/talents2019\/"},{"@type":"ListItem","position":2,"name":"Press Release"}]},{"@type":"WebSite","@id":"https:\/\/www.accademiacostumeemoda.it\/talents2019\/#website","url":"https:\/\/www.accademiacostumeemoda.it\/talents2019\/","name":"Talents 2019","description":"Accademia Costume &amp; Moda","potentialAction":[{"@type":"SearchAction","target":{"@type":"EntryPoint","urlTemplate":"https:\/\/www.accademiacostumeemoda.it\/talents2019\/?s={search_term_string}"},"query-input":{"@type":"PropertyValueSpecification","valueRequired":true,"valueName":"search_term_string"}}],"inLanguage":"it-IT"}]}},"_links":{"self":[{"href":"https:\/\/www.accademiacostumeemoda.it\/talents2019\/wp-json\/wp\/v2\/pages\/1780","targetHints":{"allow":["GET"]}}],"collection":[{"href":"https:\/\/www.accademiacostumeemoda.it\/talents2019\/wp-json\/wp\/v2\/pages"}],"about":[{"href":"https:\/\/www.accademiacostumeemoda.it\/talents2019\/wp-json\/wp\/v2\/types\/page"}],"author":[{"embeddable":true,"href":"https:\/\/www.accademiacostumeemoda.it\/talents2019\/wp-json\/wp\/v2\/users\/1"}],"replies":[{"embeddable":true,"href":"https:\/\/www.accademiacostumeemoda.it\/talents2019\/wp-json\/wp\/v2\/comments?post=1780"}],"version-history":[{"count":11,"href":"https:\/\/www.accademiacostumeemoda.it\/talents2019\/wp-json\/wp\/v2\/pages\/1780\/revisions"}],"predecessor-version":[{"id":2970,"href":"https:\/\/www.accademiacostumeemoda.it\/talents2019\/wp-json\/wp\/v2\/pages\/1780\/revisions\/2970"}],"wp:attachment":[{"href":"https:\/\/www.accademiacostumeemoda.it\/talents2019\/wp-json\/wp\/v2\/media?parent=1780"}],"curies":[{"name":"wp","href":"https:\/\/api.w.org\/{rel}","templated":true}]}}