{"id":510,"date":"2016-01-25T14:03:24","date_gmt":"2016-01-25T13:03:24","guid":{"rendered":"http:\/\/www.accademiacostumeemoda.it\/talents2016\/?page_id=510"},"modified":"2018-12-19T15:58:56","modified_gmt":"2018-12-19T14:58:56","slug":"project-support-sponsorship","status":"publish","type":"page","link":"https:\/\/www.accademiacostumeemoda.it\/talents2016\/project-support-sponsorship\/","title":{"rendered":"Project Support &#038; Sponsorship"},"content":{"rendered":"<div id=\"pl-510\"  class=\"panel-layout\" ><div id=\"pg-510-0\"  class=\"panel-grid panel-no-style\" ><div id=\"pgc-510-0-0\"  class=\"panel-grid-cell\" ><div id=\"panel-510-0-0-0\" class=\"so-panel widget widget_william-shortcodes William-shortcodes panel-first-child\" data-index=\"0\" ><div class=\"textwidget\"><div class=\"ts-spacer\" style=\"height:100px\"><\/div><\/div><\/div><div id=\"panel-510-0-0-1\" class=\"so-panel widget widget_black-studio-tinymce widget_black_studio_tinymce\" data-index=\"1\" ><div class=\"textwidget\"><p><div class=\"ts-column ts-column-size-1-2\"><div class=\"ts-column-inner ts-clearfix\"><p><\/p>\n<p class=\"italiano\" style=\"text-align: justify;\">La crescita dell\u2019Accademia Costume &amp; Moda avviene grazie al lavoro di team, un team di persone che dedicano la loro professionalit\u00e0 e la loro passione al continuo miglioramento del percorso formativo, allo sviluppo di nuovi ed importanti progetti didattici e all\u2019evoluzione di servizi e infrastrutture per gli studenti. L\u2019obiettivo dell\u2019Accademia \u00e8 dare ai suoi studenti l\u2019eccellenza della formazione, un ambiente e le infrastrutture necessarie allo svolgimento del loro percorso formativo, che siano funzionali e al passo con i tempi.<\/p>\n<p class=\"italiano\" style=\"text-align: justify;\">Trovare importanti aziende che considerano i giovani e la loro preparazione un giusto investimento, disposte a credere nel nostro progetto e pronte a sostenere economicamente progetti formativi, infrastrutture e materiali, \u00e8 stata una meravigliosa realt\u00e0 che conferma il giusto percorso che stiamo affrontando.<\/p>\n<p><p><\/div><\/div><div class=\"ts-column ts-column-size-1-2 last\"><div class=\"ts-column-inner ts-clearfix\"><p><\/p>\n<p style=\"text-align: justify;\">The growth of our Accademia comes thanks to teamwork. A team of people who dedicate their professionalism and passion to improving and updating continuously the educational path, developing new and important strategic educational partnerships, enhancing and providing services and infrastructures for our students. The objective of the Accademia is to provide excellence for all Undergraduate and Master\u2019s Degree Courses, in a state of the art environment.<\/p>\n<p style=\"text-align: justify;\">To find partners, who consider the students a worthy investment and who are willing to believe in our Academic project and sustain economically our programs, infrastructures and materials, is a wonderful reality that confirms the path we have started to walk on.<\/p>\n<p><p><\/div><\/div><\/p>\n<\/div><\/div><div id=\"panel-510-0-0-2\" class=\"so-panel widget widget_william-shortcodes William-shortcodes\" data-index=\"2\" ><div class=\"textwidget\"><div class=\"ts-spacer\" style=\"height:50px\"><\/div><\/div><\/div><div id=\"panel-510-0-0-3\" class=\"so-panel widget widget_black-studio-tinymce widget_black_studio_tinymce\" data-index=\"3\" ><div class=\"textwidget\"><p><a href=\"http:\/\/www.euroma2.it\/\" target=\"_blank\" rel=\"attachment wp-att-513\"><img loading=\"lazy\" decoding=\"async\" class=\"aligncenter size-full wp-image-513\" src=\"http:\/\/www.accademiacostumeemoda.it\/talents2016\/wp-content\/uploads\/2016\/01\/euroma-2-logo.jpg\" alt=\"euroma-2-logo\" width=\"160\" height=\"80\" \/><\/a><br \/> <div class=\"ts-column ts-column-size-1-2\"><div class=\"ts-column-inner ts-clearfix\"><p><\/p>\n<p class=\"italiano\" style=\"text-align: justify;\">Euroma2 si inserisce perfettamente in questo contesto formativo dedicato ai giovani. La nostra realt\u00e0, in continuo sviluppo in Italia e in Europa, \u00e8 indissolubilmente legata a questo mondo e ci vede protagonisti nella ricerca di una sempre pi\u00f9 attenta estensione del \u201cFashion\u201d, nell\u2019accezione pi\u00f9 ampia del termine, con una diversificazione dell\u2019offerta che permetta un approccio realmente possibile a chiunque. Ci auguriamo quindi che Euroma2 possa divenire il palcoscenico naturale di ricerca e sperimentazione di tutti quei giovani che sulla Moda vorranno costruire il proprio futuro.<\/p>\n<p><p><\/div><\/div><div class=\"ts-column ts-column-size-1-2 last\"><div class=\"ts-column-inner ts-clearfix\"><p><\/p>\n<p style=\"text-align: justify;\">Euroma2 integrates perfectly within our context. The Accademia is growing nationally and internationally and is linked to this world as it continues to research thoroughly more and more extensions of the word \u201cFashion\u201d in its broader meaning. This is done through a diversification and update of the academic offer, so to permit our experience to be absorbed by anyone who is interested in this industry and in its multitude of jobs possibilities. We do hope that Euroma2 may become the natural experimentation and research environment of all the youngsters who are willing to build on the word Fashion in its broader meaning, their careers.<\/p>\n<p><p><\/div><\/div><\/p>\n<\/div><\/div><div id=\"panel-510-0-0-4\" class=\"so-panel widget widget_william-shortcodes William-shortcodes\" data-index=\"4\" ><div class=\"textwidget\"><div class=\"ts-spacer\" style=\"height:50px\"><\/div><\/div><\/div><div id=\"panel-510-0-0-5\" class=\"so-panel widget widget_black-studio-tinymce widget_black_studio_tinymce\" data-index=\"5\" ><div class=\"textwidget\"><p><a href=\"http:\/\/www.azimut.it\/\" target=\"_blank\"><img loading=\"lazy\" decoding=\"async\" class=\"aligncenter size-full wp-image-517\" src=\"http:\/\/www.accademiacostumeemoda.it\/talents2016\/wp-content\/uploads\/2016\/01\/azimut-logo.jpg\" alt=\"azimut-logo\" width=\"160\" height=\"80\" \/><\/a><br \/>\n<div class=\"ts-column ts-column-size-1-2\"><div class=\"ts-column-inner ts-clearfix\"><p><\/p>\n<p class=\"italiano\" style=\"text-align: justify;\">Difendere e valorizzare le eccellenze italiane, soprattutto in un periodo di crisi economica come quello attuale, \u00e8 fondamentale per non smarrire creativit\u00e0 e ingegno che da sempre contraddistinguono l\u2019Italia nel mondo. Il Gruppo Azimut, multinazionale italiana del risparmio gestito profondamente radicata nel territorio nazionale ma con uno spirito internazionale, \u00e8 da sempre attenta a valorizzare e supportare il talento e per questo ha deciso di sostenere l\u2019Accademia di Costume e di Moda. L\u2019Accademia riflette quegli stessi valori che da oltre venticinque anni caratterizzano Azimut e che unitamente ad indipendenza e innovazione ne fanno un esempio in Italia e all\u2019estero da tramandare nel tempo.<\/p>\n<p><p><\/div><\/div><div class=\"ts-column ts-column-size-1-2 last\"><div class=\"ts-column-inner ts-clearfix\"><p><\/p>\n<p style=\"text-align: justify;\">The protection and promotion of Italian excellence, especially during the prevailing economic crisis, is necessary to prevent the loss of inventiveness and talent that has always characterized Italy throughout the world. The Azimut Group, an Italian multinational asset management company deeply rooted in its countries heritage but with an international soul, has always paid attention to support and enhance talent it is for this reason the company has decided to support Accademia di Costume e di Moda. The Accademia reflects many of the same qualities inherent to Azimut over these past twenty five years that combined with independence and innovation makes it a timeless example of Italy abroad.<\/p>\n<p><p><\/div><\/div><\/p>\n<\/div><\/div><div id=\"panel-510-0-0-6\" class=\"so-panel widget widget_william-shortcodes William-shortcodes\" data-index=\"6\" ><div class=\"textwidget\"><div class=\"ts-spacer\" style=\"height:50px\"><\/div><\/div><\/div><div id=\"panel-510-0-0-7\" class=\"so-panel widget widget_black-studio-tinymce widget_black_studio_tinymce\" data-index=\"7\" ><div class=\"textwidget\"><p style=\"text-align: center;\"><a href=\"http:\/\/www.alesilk.it\/\" target=\"_blank\"><img loading=\"lazy\" decoding=\"async\" class=\"size-full wp-image-460 alignnone\" src=\"http:\/\/www.accademiacostumeemoda.it\/talents2016\/wp-content\/uploads\/2016\/01\/alesilk-logo.jpg\" alt=\"alesilk-logo\" width=\"160\" height=\"80\" \/><\/a><a href=\"http:\/\/www.gentilimosconihome.it\/\" target=\"_blank\"><img loading=\"lazy\" decoding=\"async\" class=\"size-full wp-image-467 alignnone\" src=\"http:\/\/www.accademiacostumeemoda.it\/talents2016\/wp-content\/uploads\/2016\/01\/gentili-mosconi-logo.jpg\" alt=\"gentili-mosconi-logo\" width=\"160\" height=\"80\" \/><\/a> <a href=\"http:\/\/www.lanificiodisordevolo.com\/\" target=\"_blank\"><img loading=\"lazy\" decoding=\"async\" class=\"size-full wp-image-472 alignnone\" src=\"http:\/\/www.accademiacostumeemoda.it\/talents2016\/wp-content\/uploads\/2016\/01\/lanificio-sordevolo-logo.jpg\" alt=\"lanificio-sordevolo-logo\" width=\"160\" height=\"80\" \/><\/a><a href=\"http:\/\/www.ostinelliseta.com\/\" target=\"_blank\" rel=\"attachment wp-att-476\"><img loading=\"lazy\" decoding=\"async\" class=\"size-full wp-image-476 alignnone\" src=\"http:\/\/www.accademiacostumeemoda.it\/talents2016\/wp-content\/uploads\/2016\/01\/ostinelli-seta-logo.jpg\" alt=\"ostinelli-seta-logo\" width=\"160\" height=\"80\" \/><\/a><\/p>\n<p><div class=\"ts-column ts-column-size-1-2\"><div class=\"ts-column-inner ts-clearfix\"><p><\/p>\n<p class=\"italiano\" style=\"text-align: justify;\">Credere nel futuro e sostenere la formazione di giovani creativi nella conoscenza e la competenza dei tessuti \u00e8 per noi un impegno che da sempre abbiamo come obiettivo. E\u2019 importante dare continuit\u00e0 alla nostra passione e alla nostra professionalit\u00e0 artigianale, riconosciuta come eccellenza produttiva italiana nel mondo, alle nuove generazioni. Il passaggio del testimone avviene attraverso la conoscenza, siamo felici quindi, di unirci all\u2019Accademia Costume &amp; Moda che da oltre cinquant\u2019anni continua ad alimentare la crescita di nuovi talenti nella moda attraverso l\u2019apprendimento e il saper fare.<\/p>\n<p><p><\/div><\/div><div class=\"ts-column ts-column-size-1-2 last\"><div class=\"ts-column-inner ts-clearfix\"><p><\/p>\n<p style=\"text-align: justify;\">We have always believed and supported textile education for younger designers. It is very important for us to give continuity to our passion and our artisanal competence to younger generations, since this knowledge is recognized internationally as an Italian production excellency. The passage of the baton is done through the Accademia Costume &amp; Moda, since it has been supporting for more than fifty years the growth of new talents for the fashion industry. We are very happy to join the School for this important project.<\/p>\n<p><p><\/div><\/div><\/p>\n<\/div><\/div><div id=\"panel-510-0-0-8\" class=\"so-panel widget widget_william-shortcodes William-shortcodes panel-last-child\" data-index=\"8\" ><div class=\"textwidget\"><div class=\"ts-spacer\" style=\"height:100px\"><\/div><\/div><\/div><\/div><\/div><\/div>","protected":false},"excerpt":{"rendered":"<p>La crescita dell\u2019Accademia Costume &amp; Moda avviene grazie al lavoro di team, un team di persone che dedicano la loro professionalit\u00e0 e la loro passione al continuo miglioramento del percorso formativo, allo sviluppo di nuovi ed importanti progetti didattici e all\u2019evoluzione di servizi e infrastrutture per gli studenti. L\u2019obiettivo dell\u2019Accademia \u00e8 dare ai suoi studenti<a class=\"more-link\" href=\"https:\/\/www.accademiacostumeemoda.it\/talents2016\/project-support-sponsorship\/\">Read more<\/a><\/p>\n","protected":false},"author":3,"featured_media":619,"parent":0,"menu_order":0,"comment_status":"closed","ping_status":"closed","template":"","meta":{"footnotes":""},"class_list":["post-510","page","type-page","status-publish","has-post-thumbnail","hentry"],"yoast_head":"<!-- This site is optimized with the Yoast SEO plugin v20.10 - https:\/\/yoast.com\/wordpress\/plugins\/seo\/ -->\n<title>Project Support &amp; Sponsorship | Talents 2016<\/title>\n<meta name=\"description\" content=\"L\u2019obiettivo dell\u2019Accademia \u00e8 dare ai suoi studenti l\u2019eccellenza della formazione, un ambiente e infrastrutture necessarie allo svolgimento del percorso.\" \/>\n<meta name=\"robots\" content=\"index, follow, max-snippet:-1, max-image-preview:large, max-video-preview:-1\" \/>\n<link rel=\"canonical\" href=\"https:\/\/www.accademiacostumeemoda.it\/talents2016\/project-support-sponsorship\/\" \/>\n<meta property=\"og:locale\" content=\"it_IT\" \/>\n<meta property=\"og:type\" content=\"article\" \/>\n<meta property=\"og:title\" content=\"Project Support &amp; Sponsorship | Talents 2016\" \/>\n<meta property=\"og:description\" content=\"L\u2019obiettivo dell\u2019Accademia \u00e8 dare ai suoi studenti l\u2019eccellenza della formazione, un ambiente e infrastrutture necessarie allo svolgimento del percorso.\" \/>\n<meta property=\"og:url\" content=\"https:\/\/www.accademiacostumeemoda.it\/talents2016\/project-support-sponsorship\/\" \/>\n<meta property=\"og:site_name\" content=\"Talents 2016\" \/>\n<meta property=\"article:publisher\" content=\"https:\/\/www.facebook.com\/Accademia-di-Costume-e-di-Moda-75874409682\/\" \/>\n<meta property=\"article:modified_time\" content=\"2018-12-19T14:58:56+00:00\" \/>\n<meta property=\"og:image\" content=\"https:\/\/www.accademiacostumeemoda.it\/talents2016\/wp-content\/uploads\/2016\/01\/project-support-sponsorship-1.jpg\" \/>\n\t<meta property=\"og:image:width\" content=\"1920\" \/>\n\t<meta property=\"og:image:height\" content=\"1080\" \/>\n\t<meta property=\"og:image:type\" content=\"image\/jpeg\" \/>\n<meta name=\"twitter:card\" content=\"summary_large_image\" \/>\n<meta name=\"twitter:site\" content=\"@AccaCostumeModa\" \/>\n<meta name=\"twitter:label1\" content=\"Tempo di lettura stimato\" \/>\n\t<meta name=\"twitter:data1\" content=\"4 minuti\" \/>\n<script type=\"application\/ld+json\" class=\"yoast-schema-graph\">{\"@context\":\"https:\/\/schema.org\",\"@graph\":[{\"@type\":\"WebPage\",\"@id\":\"https:\/\/www.accademiacostumeemoda.it\/talents2016\/project-support-sponsorship\/\",\"url\":\"https:\/\/www.accademiacostumeemoda.it\/talents2016\/project-support-sponsorship\/\",\"name\":\"Project Support & Sponsorship | Talents 2016\",\"isPartOf\":{\"@id\":\"https:\/\/www.accademiacostumeemoda.it\/talents2016\/#website\"},\"datePublished\":\"2016-01-25T13:03:24+00:00\",\"dateModified\":\"2018-12-19T14:58:56+00:00\",\"description\":\"L\u2019obiettivo dell\u2019Accademia \u00e8 dare ai suoi studenti l\u2019eccellenza della formazione, un ambiente e infrastrutture necessarie allo svolgimento del percorso.\",\"breadcrumb\":{\"@id\":\"https:\/\/www.accademiacostumeemoda.it\/talents2016\/project-support-sponsorship\/#breadcrumb\"},\"inLanguage\":\"it-IT\",\"potentialAction\":[{\"@type\":\"ReadAction\",\"target\":[\"https:\/\/www.accademiacostumeemoda.it\/talents2016\/project-support-sponsorship\/\"]}]},{\"@type\":\"BreadcrumbList\",\"@id\":\"https:\/\/www.accademiacostumeemoda.it\/talents2016\/project-support-sponsorship\/#breadcrumb\",\"itemListElement\":[{\"@type\":\"ListItem\",\"position\":1,\"name\":\"Home\",\"item\":\"https:\/\/www.accademiacostumeemoda.it\/talents2016\/\"},{\"@type\":\"ListItem\",\"position\":2,\"name\":\"Project Support &#038; Sponsorship\"}]},{\"@type\":\"WebSite\",\"@id\":\"https:\/\/www.accademiacostumeemoda.it\/talents2016\/#website\",\"url\":\"https:\/\/www.accademiacostumeemoda.it\/talents2016\/\",\"name\":\"Talents 2016\",\"description\":\"Accademia Costume &amp; Moda\",\"publisher\":{\"@id\":\"https:\/\/www.accademiacostumeemoda.it\/talents2016\/#organization\"},\"potentialAction\":[{\"@type\":\"SearchAction\",\"target\":{\"@type\":\"EntryPoint\",\"urlTemplate\":\"https:\/\/www.accademiacostumeemoda.it\/talents2016\/?s={search_term_string}\"},\"query-input\":\"required name=search_term_string\"}],\"inLanguage\":\"it-IT\"},{\"@type\":\"Organization\",\"@id\":\"https:\/\/www.accademiacostumeemoda.it\/talents2016\/#organization\",\"name\":\"Accademia Costume & Moda\",\"url\":\"https:\/\/www.accademiacostumeemoda.it\/talents2016\/\",\"logo\":{\"@type\":\"ImageObject\",\"inLanguage\":\"it-IT\",\"@id\":\"https:\/\/www.accademiacostumeemoda.it\/talents2016\/#\/schema\/logo\/image\/\",\"url\":\"https:\/\/www.accademiacostumeemoda.it\/talents2016\/wp-content\/uploads\/2016\/01\/ACM-logo-dark-normal.png\",\"contentUrl\":\"https:\/\/www.accademiacostumeemoda.it\/talents2016\/wp-content\/uploads\/2016\/01\/ACM-logo-dark-normal.png\",\"width\":179,\"height\":60,\"caption\":\"Accademia Costume & Moda\"},\"image\":{\"@id\":\"https:\/\/www.accademiacostumeemoda.it\/talents2016\/#\/schema\/logo\/image\/\"},\"sameAs\":[\"https:\/\/www.facebook.com\/Accademia-di-Costume-e-di-Moda-75874409682\/\",\"https:\/\/twitter.com\/AccaCostumeModa\",\"https:\/\/www.instagram.com\/accademiacostumeemoda\/\",\"https:\/\/www.linkedin.com\/reg\/join?trk=tyah&session_redirect=https:\/\/www.linkedin.com\/profile\/view?id=203430673&locale=it_IT\",\"https:\/\/www.pinterest.com\/accacostumemoda\/\"]}]}<\/script>\n<!-- \/ Yoast SEO plugin. -->","yoast_head_json":{"title":"Project Support & Sponsorship | Talents 2016","description":"L\u2019obiettivo dell\u2019Accademia \u00e8 dare ai suoi studenti l\u2019eccellenza della formazione, un ambiente e infrastrutture necessarie allo svolgimento del percorso.","robots":{"index":"index","follow":"follow","max-snippet":"max-snippet:-1","max-image-preview":"max-image-preview:large","max-video-preview":"max-video-preview:-1"},"canonical":"https:\/\/www.accademiacostumeemoda.it\/talents2016\/project-support-sponsorship\/","og_locale":"it_IT","og_type":"article","og_title":"Project Support & Sponsorship | Talents 2016","og_description":"L\u2019obiettivo dell\u2019Accademia \u00e8 dare ai suoi studenti l\u2019eccellenza della formazione, un ambiente e infrastrutture necessarie allo svolgimento del percorso.","og_url":"https:\/\/www.accademiacostumeemoda.it\/talents2016\/project-support-sponsorship\/","og_site_name":"Talents 2016","article_publisher":"https:\/\/www.facebook.com\/Accademia-di-Costume-e-di-Moda-75874409682\/","article_modified_time":"2018-12-19T14:58:56+00:00","og_image":[{"width":1920,"height":1080,"url":"https:\/\/www.accademiacostumeemoda.it\/talents2016\/wp-content\/uploads\/2016\/01\/project-support-sponsorship-1.jpg","type":"image\/jpeg"}],"twitter_card":"summary_large_image","twitter_site":"@AccaCostumeModa","twitter_misc":{"Tempo di lettura stimato":"4 minuti"},"schema":{"@context":"https:\/\/schema.org","@graph":[{"@type":"WebPage","@id":"https:\/\/www.accademiacostumeemoda.it\/talents2016\/project-support-sponsorship\/","url":"https:\/\/www.accademiacostumeemoda.it\/talents2016\/project-support-sponsorship\/","name":"Project Support & Sponsorship | Talents 2016","isPartOf":{"@id":"https:\/\/www.accademiacostumeemoda.it\/talents2016\/#website"},"datePublished":"2016-01-25T13:03:24+00:00","dateModified":"2018-12-19T14:58:56+00:00","description":"L\u2019obiettivo dell\u2019Accademia \u00e8 dare ai suoi studenti l\u2019eccellenza della formazione, un ambiente e infrastrutture necessarie allo svolgimento del percorso.","breadcrumb":{"@id":"https:\/\/www.accademiacostumeemoda.it\/talents2016\/project-support-sponsorship\/#breadcrumb"},"inLanguage":"it-IT","potentialAction":[{"@type":"ReadAction","target":["https:\/\/www.accademiacostumeemoda.it\/talents2016\/project-support-sponsorship\/"]}]},{"@type":"BreadcrumbList","@id":"https:\/\/www.accademiacostumeemoda.it\/talents2016\/project-support-sponsorship\/#breadcrumb","itemListElement":[{"@type":"ListItem","position":1,"name":"Home","item":"https:\/\/www.accademiacostumeemoda.it\/talents2016\/"},{"@type":"ListItem","position":2,"name":"Project Support &#038; Sponsorship"}]},{"@type":"WebSite","@id":"https:\/\/www.accademiacostumeemoda.it\/talents2016\/#website","url":"https:\/\/www.accademiacostumeemoda.it\/talents2016\/","name":"Talents 2016","description":"Accademia Costume &amp; Moda","publisher":{"@id":"https:\/\/www.accademiacostumeemoda.it\/talents2016\/#organization"},"potentialAction":[{"@type":"SearchAction","target":{"@type":"EntryPoint","urlTemplate":"https:\/\/www.accademiacostumeemoda.it\/talents2016\/?s={search_term_string}"},"query-input":"required name=search_term_string"}],"inLanguage":"it-IT"},{"@type":"Organization","@id":"https:\/\/www.accademiacostumeemoda.it\/talents2016\/#organization","name":"Accademia Costume & Moda","url":"https:\/\/www.accademiacostumeemoda.it\/talents2016\/","logo":{"@type":"ImageObject","inLanguage":"it-IT","@id":"https:\/\/www.accademiacostumeemoda.it\/talents2016\/#\/schema\/logo\/image\/","url":"https:\/\/www.accademiacostumeemoda.it\/talents2016\/wp-content\/uploads\/2016\/01\/ACM-logo-dark-normal.png","contentUrl":"https:\/\/www.accademiacostumeemoda.it\/talents2016\/wp-content\/uploads\/2016\/01\/ACM-logo-dark-normal.png","width":179,"height":60,"caption":"Accademia Costume & Moda"},"image":{"@id":"https:\/\/www.accademiacostumeemoda.it\/talents2016\/#\/schema\/logo\/image\/"},"sameAs":["https:\/\/www.facebook.com\/Accademia-di-Costume-e-di-Moda-75874409682\/","https:\/\/twitter.com\/AccaCostumeModa","https:\/\/www.instagram.com\/accademiacostumeemoda\/","https:\/\/www.linkedin.com\/reg\/join?trk=tyah&session_redirect=https:\/\/www.linkedin.com\/profile\/view?id=203430673&locale=it_IT","https:\/\/www.pinterest.com\/accacostumemoda\/"]}]}},"_links":{"self":[{"href":"https:\/\/www.accademiacostumeemoda.it\/talents2016\/wp-json\/wp\/v2\/pages\/510","targetHints":{"allow":["GET"]}}],"collection":[{"href":"https:\/\/www.accademiacostumeemoda.it\/talents2016\/wp-json\/wp\/v2\/pages"}],"about":[{"href":"https:\/\/www.accademiacostumeemoda.it\/talents2016\/wp-json\/wp\/v2\/types\/page"}],"author":[{"embeddable":true,"href":"https:\/\/www.accademiacostumeemoda.it\/talents2016\/wp-json\/wp\/v2\/users\/3"}],"replies":[{"embeddable":true,"href":"https:\/\/www.accademiacostumeemoda.it\/talents2016\/wp-json\/wp\/v2\/comments?post=510"}],"version-history":[{"count":8,"href":"https:\/\/www.accademiacostumeemoda.it\/talents2016\/wp-json\/wp\/v2\/pages\/510\/revisions"}],"predecessor-version":[{"id":520,"href":"https:\/\/www.accademiacostumeemoda.it\/talents2016\/wp-json\/wp\/v2\/pages\/510\/revisions\/520"}],"wp:featuredmedia":[{"embeddable":true,"href":"https:\/\/www.accademiacostumeemoda.it\/talents2016\/wp-json\/wp\/v2\/media\/619"}],"wp:attachment":[{"href":"https:\/\/www.accademiacostumeemoda.it\/talents2016\/wp-json\/wp\/v2\/media?parent=510"}],"curies":[{"name":"wp","href":"https:\/\/api.w.org\/{rel}","templated":true}]}}